{"id":1184,"date":"2018-05-15T11:32:01","date_gmt":"2018-05-15T11:32:01","guid":{"rendered":"http:\/\/parkkemping.hu\/?page_id=1184"},"modified":"2019-05-02T12:43:34","modified_gmt":"2019-05-02T10:43:34","slug":"lakokocsi-kemping","status":"publish","type":"page","link":"https:\/\/siralystrand.hu\/en\/lakokocsi-kemping\/","title":{"rendered":"LP &#8211; Lak\u00f3kocsi kemping"},"content":{"rendered":"<p>[et_pb_section fb_built=&#8221;1&#8243; custom_padding_last_edited=&#8221;on|phone&#8221; _builder_version=&#8221;3.6&#8243; background_color=&#8221;rgba(0,0,0,0.62)&#8221; background_image=&#8221;https:\/\/parkkemping.hu\/wp-content\/uploads\/2018\/06\/lakokocsi_agard.jpg&#8221; background_blend=&#8221;overlay&#8221; custom_margin=&#8221;|||&#8221; custom_padding=&#8221;100px||100px||true|false&#8221; custom_padding_phone=&#8221;25px||25px||true&#8221;][et_pb_row custom_padding=&#8221;0|0px|0|0px|false|false&#8221; _builder_version=&#8221;3.2.1&#8243;][et_pb_column type=&#8221;4_4&#8243; _builder_version=&#8221;3.0.47&#8243; parallax=&#8221;off&#8221; parallax_method=&#8221;on&#8221;][et_pb_text module_class=&#8221;secheader&#8221; _builder_version=&#8221;3.5&#8243; text_font=&#8221;|700|||||||&#8221; text_font_size=&#8221;24px&#8221; text_font_size_phone=&#8221;16px&#8221; text_font_size_last_edited=&#8221;on|phone&#8221; header_font=&#8221;Pacifico||||||||&#8221; header_font_size_phone=&#8221;36px&#8221; header_font_size_last_edited=&#8221;on|desktop&#8221; header_line_height=&#8221;2em&#8221; header_2_font=&#8221;||||||||&#8221; text_orientation=&#8221;center&#8221; background_layout=&#8221;dark&#8221; custom_margin=&#8221;|||&#8221;]<\/p>\n<h1>Park Strand Kemping<\/h1>\n<p>Term\u00e9szetk\u00f6zels\u00e9g, szabads\u00e1g, \u00e9lm\u00e9nyek \u2013 megfizethet\u0151 \u00e1ron. T\u00e9rjetek be hozz\u00e1nk a meg\u00fajult lak\u00f3kocsi bar\u00e1t Park Strand Kempingbe!<\/p>\n<p>[\/et_pb_text][et_pb_blurb use_icon=&#8221;on&#8221; font_icon=&#8221;%%22%%&#8221; icon_color=&#8221;#ffffff&#8221; use_icon_font_size=&#8221;on&#8221; icon_font_size=&#8221;60px&#8221; _builder_version=&#8221;3.2.2&#8243; module_alignment=&#8221;center&#8221; custom_margin=&#8221;|||&#8221; custom_padding=&#8221;|||&#8221; animation_style=&#8221;fade&#8221; animation_repeat=&#8221;loop&#8221; animation_duration=&#8221;1500ms&#8221;][\/et_pb_blurb][\/et_pb_column][\/et_pb_row][\/et_pb_section][et_pb_section fb_built=&#8221;1&#8243; disabled_on=&#8221;on|on|off&#8221; _builder_version=&#8221;3.2.2&#8243; custom_margin=&#8221;|||&#8221; custom_padding=&#8221;0px|0px|0px|0px|true|true&#8221;][et_pb_row make_fullwidth=&#8221;on&#8221; use_custom_gutter=&#8221;on&#8221; gutter_width=&#8221;1&#8243; custom_padding=&#8221;0px|0px|0px|0px&#8221; custom_margin=&#8221;|||&#8221; make_equal=&#8221;on&#8221; bg_img_1=&#8221;https:\/\/parkkemping.hu\/wp-content\/uploads\/2019\/04\/N\u00e9vtelen-terv-1.jpg&#8221; background_position_1=&#8221;bottom_left&#8221; _builder_version=&#8221;3.6&#8243;][et_pb_column type=&#8221;1_2&#8243; _builder_version=&#8221;3.0.47&#8243; bg_img=&#8221;https:\/\/parkkemping.hu\/wp-content\/uploads\/2019\/04\/N\u00e9vtelen-terv-1.jpg&#8221; parallax=&#8221;off&#8221; parallax_method=&#8221;on&#8221; background_position=&#8221;bottom_left&#8221;][\/et_pb_column][et_pb_column type=&#8221;1_2&#8243; _builder_version=&#8221;3.0.47&#8243; parallax=&#8221;off&#8221; parallax_method=&#8221;on&#8221;][et_pb_text _builder_version=&#8221;3.6&#8243; custom_margin=&#8221;100px|50px|100px|50px|true|true&#8221;]<\/p>\n<h2>\u00d6sszetart\u00f3 k\u00f6z\u00f6ss\u00e9g<\/h2>\n<p>Mint a <strong>vitorl\u00e1s<\/strong> <strong>k\u00f6z\u00f6ss\u00e9gek<\/strong> a sportegyes\u00fcletekben vagy a men\u0151 <strong>yacht<\/strong>&#8211;<strong>kik\u00f6t\u0151kben<\/strong>: <strong>mindenki<\/strong> mindenkinek <strong>k\u00f6sz\u00f6n<\/strong>, seg\u00edt. <strong>Meg\u00fajult<\/strong> Park Strand Kemping\u00fcnkben <strong>csupa<\/strong> <strong>j\u00f3<\/strong> <strong>fej<\/strong> embert ismerhettek meg az \u00e9let minden ter\u00fclet\u00e9r\u0151l.<br \/>\n[\/et_pb_text][\/et_pb_column][\/et_pb_row][et_pb_row make_fullwidth=&#8221;on&#8221; use_custom_gutter=&#8221;on&#8221; gutter_width=&#8221;1&#8243; custom_padding=&#8221;0px|0px|0px|0px&#8221; custom_margin=&#8221;|||&#8221; make_equal=&#8221;on&#8221; bg_img_2=&#8221;http:\/\/parkkemping.hu\/wp-content\/uploads\/2018\/05\/lakokocsi_elmenyek.jpg&#8221; background_position_2=&#8221;center&#8221; use_background_color_gradient_2=&#8221;off&#8221; background_color_gradient_start_2=&#8221;#2b87da&#8221; background_color_gradient_end_2=&#8221;#29c4a9&#8243; _builder_version=&#8221;3.2.2&#8243; background_color=&#8221;#f4f4f4&#8243;][et_pb_column type=&#8221;1_2&#8243; _builder_version=&#8221;3.0.47&#8243; parallax=&#8221;off&#8221; parallax_method=&#8221;on&#8221;][et_pb_text _builder_version=&#8221;3.2.2&#8243; custom_margin=&#8221;100px|50px|100px|50px|true|true&#8221;]<\/p>\n<h2>Ide\u00e1lis lak\u00f3kocsi helysz\u00edn<\/h2>\n<p>Kemping\u00fcnket \u00fagy alak\u00edtottuk ki, hogy <strong>lak\u00f3kocsival<\/strong> \u00e9rkezve is <strong>t\u00f6k\u00e9letes<\/strong> <strong>k\u00e9nyelmet<\/strong> tudjon ny\u00fajtani sz\u00e1motokra. <strong>K\u00e9pzeld<\/strong> csak <strong>el<\/strong>, hogy est\u00e9nk\u00e9nt a t\u00f6bbiekkel <strong>pisl\u00e1kol\u00f3<\/strong> <strong>f\u00e9ny<\/strong> \u00e9s p\u00e1r doboz hideg s\u00f6r, vagy \u00fcd\u00edt\u0151 <strong>mellett<\/strong> <strong>feleleven\u00edtitek<\/strong> a <strong>m\u00falt<\/strong> bel\u00e9tek v\u00e9s\u0151d\u00f6tt <strong>eml\u00e9keit<\/strong>.<\/p>\n<p>[\/et_pb_text][\/et_pb_column][et_pb_column type=&#8221;1_2&#8243; _builder_version=&#8221;3.0.47&#8243; bg_img=&#8221;http:\/\/parkkemping.hu\/wp-content\/uploads\/2018\/05\/lakokocsi_elmenyek.jpg&#8221; parallax=&#8221;off&#8221; parallax_method=&#8221;on&#8221; background_position=&#8221;center&#8221; use_background_color_gradient=&#8221;off&#8221; background_color_gradient_start=&#8221;#2b87da&#8221; background_color_gradient_end=&#8221;#29c4a9&#8243;][\/et_pb_column][\/et_pb_row][et_pb_row make_fullwidth=&#8221;on&#8221; use_custom_gutter=&#8221;on&#8221; gutter_width=&#8221;1&#8243; custom_padding=&#8221;0px|0px|0px|0px&#8221; custom_margin=&#8221;|||&#8221; make_equal=&#8221;on&#8221; bg_img_1=&#8221;https:\/\/parkkemping.hu\/wp-content\/uploads\/2019\/04\/2.jpg&#8221; background_position_1=&#8221;center&#8221; _builder_version=&#8221;3.6&#8243;][et_pb_column type=&#8221;1_2&#8243; _builder_version=&#8221;3.0.47&#8243; bg_img=&#8221;https:\/\/parkkemping.hu\/wp-content\/uploads\/2019\/04\/2.jpg&#8221; parallax=&#8221;off&#8221; parallax_method=&#8221;on&#8221; background_position=&#8221;center&#8221;][\/et_pb_column][et_pb_column type=&#8221;1_2&#8243; _builder_version=&#8221;3.0.47&#8243; parallax=&#8221;off&#8221; parallax_method=&#8221;on&#8221;][et_pb_text _builder_version=&#8221;3.2.2&#8243; custom_margin=&#8221;100px|50px|100px|50px|true|true&#8221;]<\/p>\n<h2>Megfizethet\u0151 \u00e1rak<\/h2>\n<p>The <strong>lak\u00f3kocsi<\/strong> olyan <strong>k\u00e9nyelemmel<\/strong> <strong>rendelkezik<\/strong>, amelyet egy s\u00e1torban nehezen vagy egy\u00e1ltal\u00e1n nem lehet megval\u00f3s\u00edtani. Ehhez a p\u00e1ratlan k\u00e9nyelemhez most <strong>kedvez\u0151<\/strong> <strong>parcella<\/strong> <strong>\u00e1rak<\/strong> is p\u00e1rosulnak. <strong>Term\u00e9szetk\u00f6zels\u00e9g<\/strong> \u00e9s <strong>szabads\u00e1g<\/strong> megfizethet\u0151 \u00e1ron!<br \/>\n[\/et_pb_text][\/et_pb_column][\/et_pb_row][\/et_pb_section][et_pb_section fb_built=&#8221;1&#8243; custom_padding_last_edited=&#8221;off|desktop&#8221; disabled_on=&#8221;off|off|on&#8221; _builder_version=&#8221;3.2.2&#8243; custom_margin=&#8221;|||&#8221; custom_padding=&#8221;|||&#8221;][et_pb_row make_fullwidth=&#8221;on&#8221; use_custom_gutter=&#8221;on&#8221; custom_padding=&#8221;0px|0px|0px|0px&#8221; custom_margin=&#8221;|||&#8221; _builder_version=&#8221;3.2.2&#8243;][et_pb_column type=&#8221;1_2&#8243; _builder_version=&#8221;3.0.47&#8243; parallax=&#8221;off&#8221; parallax_method=&#8221;on&#8221;][et_pb_image src=&#8221;https:\/\/parkkemping.hu\/wp-content\/uploads\/2019\/04\/N\u00e9vtelen-terv-1.jpg&#8221; _builder_version=&#8221;3.6&#8243;][\/et_pb_image][\/et_pb_column][et_pb_column type=&#8221;1_2&#8243; _builder_version=&#8221;3.0.47&#8243; parallax=&#8221;off&#8221; parallax_method=&#8221;on&#8221;][et_pb_text _builder_version=&#8221;3.2.2&#8243; custom_margin=&#8221;|||&#8221;]<\/p>\n<h2>\u00d6sszetart\u00f3 k\u00f6z\u00f6ss\u00e9g<\/h2>\n<p>Mint a <strong>vitorl\u00e1s<\/strong> <strong>k\u00f6z\u00f6ss\u00e9gek<\/strong> a sportegyes\u00fcletekben vagy a men\u0151 <strong>yacht<\/strong>&#8211;<strong>kik\u00f6t\u0151kben<\/strong>: <strong>mindenki<\/strong> mindenkinek <strong>k\u00f6sz\u00f6n<\/strong>, seg\u00edt. <strong>Meg\u00fajult<\/strong> Park Strand Kemping\u00fcnkben <strong>csupa<\/strong> <strong>j\u00f3<\/strong> <strong>fej<\/strong> embert ismerhettek meg az \u00e9let minden ter\u00fclet\u00e9r\u0151l.<br \/>\n[\/et_pb_text][\/et_pb_column][\/et_pb_row][et_pb_row make_fullwidth=&#8221;on&#8221; use_custom_gutter=&#8221;on&#8221; custom_padding=&#8221;0px|0px|0px|0px&#8221; custom_margin=&#8221;|||&#8221; _builder_version=&#8221;3.2.2&#8243;][et_pb_column type=&#8221;1_2&#8243; _builder_version=&#8221;3.0.47&#8243; parallax=&#8221;off&#8221; parallax_method=&#8221;on&#8221;][et_pb_image src=&#8221;http:\/\/parkkemping.hu\/wp-content\/uploads\/2018\/05\/lakokocsi_elmenyek_szallas.jpg&#8221; _builder_version=&#8221;3.2.2&#8243;][\/et_pb_image][\/et_pb_column][et_pb_column type=&#8221;1_2&#8243; _builder_version=&#8221;3.0.47&#8243; parallax=&#8221;off&#8221; parallax_method=&#8221;on&#8221;][et_pb_text _builder_version=&#8221;3.2.2&#8243; custom_margin=&#8221;|||&#8221;]<\/p>\n<h2>Ide\u00e1lis lak\u00f3kocsi helysz\u00edn<\/h2>\n<p>Kemping\u00fcnket \u00fagy alak\u00edtottuk ki, hogy <strong>lak\u00f3kocsival<\/strong> \u00e9rkezve is <strong>t\u00f6k\u00e9letes<\/strong> <strong>k\u00e9nyelmet<\/strong> tudjon ny\u00fajtani sz\u00e1motokra. <strong>K\u00e9pzeld<\/strong> csak <strong>el<\/strong>, hogy est\u00e9nk\u00e9nt a t\u00f6bbiekkel <strong>pisl\u00e1kol\u00f3<\/strong> <strong>f\u00e9ny<\/strong> \u00e9s p\u00e1r doboz hideg s\u00f6r, vagy \u00fcd\u00edt\u0151 <strong>mellett<\/strong> <strong>feleleven\u00edtitek<\/strong> a <strong>m\u00falt<\/strong> bel\u00e9tek v\u00e9s\u0151d\u00f6tt <strong>eml\u00e9keit<\/strong>.<br \/>\n[\/et_pb_text][\/et_pb_column][\/et_pb_row][et_pb_row make_fullwidth=&#8221;on&#8221; use_custom_gutter=&#8221;on&#8221; custom_padding=&#8221;0px|0px|0px|0px&#8221; custom_margin=&#8221;|||&#8221; _builder_version=&#8221;3.2.2&#8243;][et_pb_column type=&#8221;1_2&#8243; _builder_version=&#8221;3.0.47&#8243; parallax=&#8221;off&#8221; parallax_method=&#8221;on&#8221;][et_pb_image src=&#8221;https:\/\/parkkemping.hu\/wp-content\/uploads\/2019\/04\/2.jpg&#8221; _builder_version=&#8221;3.6&#8243;][\/et_pb_image][\/et_pb_column][et_pb_column type=&#8221;1_2&#8243; _builder_version=&#8221;3.0.47&#8243; parallax=&#8221;off&#8221; parallax_method=&#8221;on&#8221;][et_pb_text _builder_version=&#8221;3.2.2&#8243; custom_margin=&#8221;|||&#8221;]<\/p>\n<h2>Megfizethet\u0151 \u00e1rak<\/h2>\n<p>The <strong>lak\u00f3kocsi<\/strong> olyan <strong>k\u00e9nyelemmel<\/strong> <strong>rendelkezik<\/strong>, amelyet egy s\u00e1torban nehezen vagy egy\u00e1ltal\u00e1n nem lehet megval\u00f3s\u00edtani. Ehhez a p\u00e1ratlan k\u00e9nyelemhez most <strong>kedvez\u0151<\/strong> <strong>parcella<\/strong> <strong>\u00e1rak<\/strong> is p\u00e1rosulnak. <strong>Term\u00e9szetk\u00f6zels\u00e9g<\/strong> \u00e9s <strong>szabads\u00e1g<\/strong> megfizethet\u0151 \u00e1ron!<br \/>\n[\/et_pb_text][\/et_pb_column][\/et_pb_row][\/et_pb_section][et_pb_section fb_built=&#8221;1&#8243; next_background_color=&#8221;#ffffff&#8221; _builder_version=&#8221;3.6&#8243; background_color=&#8221;#f4f4f4&#8243; background_blend=&#8221;overlay&#8221; custom_padding=&#8221;54px|0px|90px|0px|false|false&#8221; bottom_divider_style=&#8221;ramp&#8221; bottom_divider_height_tablet=&#8221;50px&#8221; bottom_divider_height_phone=&#8221;50px&#8221; bottom_divider_height_last_edited=&#8221;on|phone&#8221;][et_pb_row make_fullwidth=&#8221;on&#8221; use_custom_gutter=&#8221;on&#8221; _builder_version=&#8221;3.2.2&#8243;][et_pb_column type=&#8221;4_4&#8243; _builder_version=&#8221;3.0.47&#8243; parallax=&#8221;off&#8221; parallax_method=&#8221;on&#8221;][et_pb_text _builder_version=&#8221;3.2.2&#8243; text_font=&#8221;||||||||&#8221; custom_padding=&#8221;|||&#8221;]<\/p>\n<h2>MiT kell tudnotok a park strand kempingr\u0151l?<\/h2>\n<p>G\u00e1rdony &#8211; Ag\u00e1rd legsz\u00e9l\u00e9n elhelyezked\u0151 kemping\u00fcnk k\u00fcl\u00f6nlegess\u00e9ge a term\u00e9szetk\u00f6zelis\u00e9gben \u00e9s ebb\u0151l fakad\u00f3 nyugalm\u00e1ban rejlik. Pihen\u00e9setek egyed\u00fcl\u00e1ll\u00f3 <strong>8 hekt\u00e1r kiterjed\u00e9s\u0171, f\u00e9l kilom\u00e9ter hossz\u00fa partszakasz, az azon elhelyezked\u0151 sz\u00e1mos vend\u00e9gl\u00e1t\u00f3 egys\u00e9g, fel\u00faj\u00edtott v\u00edzesblokk fogja szolg\u00e1lni.<\/strong><\/p>\n<p><span style=\"font-size: 16px;\">Szabadid\u0151s programok sokas\u00e1ga v\u00e1r r\u00e1tok. T\u00far\u00e1zva ell\u00e1togathattok a P\u00e1kozdi Katonai Eml\u00e9km\u0171h\u00f6z, k\u00f6rbebiciklizhetitek a Velencei-tavat, lehet\u0151s\u00e9getek van t\u00f6bbek k\u00f6z\u00f6tt kenut, kajakot, SUP-ot, vizibiciklit b\u00e9relni, amellyel bekalandozhattok a tavon \u00fasz\u00f3 n\u00e1dszigetek k\u00f6z\u00e9.<\/span><\/p>\n<p>[\/et_pb_text][\/et_pb_column][\/et_pb_row][et_pb_row _builder_version=&#8221;3.6&#8243;][et_pb_column type=&#8221;4_4&#8243; _builder_version=&#8221;3.6&#8243; parallax=&#8221;off&#8221; parallax_method=&#8221;on&#8221;][et_pb_image src=&#8221;https:\/\/parkkemping.hu\/wp-content\/uploads\/2019\/04\/Te\u0301rke\u0301p-kemping.jpg&#8221; show_in_lightbox=&#8221;on&#8221; _builder_version=&#8221;3.6&#8243; box_shadow_style=&#8221;preset2&#8243; box_shadow_spread=&#8221;-5px&#8221; max_width=&#8221;85%&#8221; max_width_last_edited=&#8221;on|tablet&#8221; module_alignment=&#8221;center&#8221;][\/et_pb_image][\/et_pb_column][\/et_pb_row][\/et_pb_section][et_pb_section fb_built=&#8221;1&#8243; module_id=&#8221;akciok&#8221; _builder_version=&#8221;3.6&#8243; custom_padding=&#8221;|||&#8221; global_module=&#8221;700&#8243;][et_pb_row _builder_version=&#8221;3.2.2&#8243;][et_pb_column type=&#8221;4_4&#8243; _builder_version=&#8221;3.0.47&#8243; parallax=&#8221;off&#8221; parallax_method=&#8221;on&#8221;][et_pb_divider divider_style=&#8221;dotted&#8221; divider_weight=&#8221;11px&#8221; _builder_version=&#8221;3.6&#8243; max_width=&#8221;24%&#8221; max_width_tablet=&#8221;23%&#8221; max_width_last_edited=&#8221;on|phone&#8221; module_alignment=&#8221;center&#8221;][\/et_pb_divider][et_pb_text module_class=&#8221;secheader&#8221; _builder_version=&#8221;3.6&#8243; text_font=&#8221;||||||||&#8221; header_font=&#8221;||||||||&#8221; header_2_font=&#8221;Pacifico||||||||&#8221; header_2_font_size=&#8221;48px&#8221; header_2_font_size_tablet=&#8221;40px&#8221; header_2_font_size_phone=&#8221;35px&#8221; header_2_font_size_last_edited=&#8221;on|phone&#8221; header_3_font=&#8221;|600|||||||&#8221; text_orientation=&#8221;center&#8221;]<\/p>\n<h2>\u00c9lm\u00e9ny programok f\u00e9l\u00e1ron<\/h2>\n<p>[\/et_pb_text][et_pb_text _builder_version=&#8221;3.6&#8243; text_font=&#8221;||||||||&#8221; text_font_size=&#8221;18px&#8221; text_font_size_phone=&#8221;15px&#8221; text_font_size_last_edited=&#8221;on|phone&#8221; header_font=&#8221;||||||||&#8221; header_2_font=&#8221;Pacifico||||||||&#8221; header_3_font=&#8221;|600|||||||&#8221; header_4_font=&#8221;||||||||&#8221; header_4_font_size_tablet=&#8221;22px&#8221; header_4_font_size_phone=&#8221;18px&#8221; header_4_font_size_last_edited=&#8221;on|phone&#8221; text_orientation=&#8221;center&#8221;]<\/p>\n<h4>&#8211; SUP, KER\u00c9KP\u00c1R, KICKBIKE, KAJAK, KENU \u00c9S S\u00c1RK\u00c1NYHAJ\u00d3 B\u00c9RL\u00c9S\u00c9RE VAN LEHET\u0150S\u00c9G F\u00c9L\u00c1RON\u00a0KUPONJAINKKAL &#8211;<\/h4>\n<p>A nyaral\u00e1s felejthetetlen r\u00e9szei azok a k\u00f6z\u00f6sen \u00e1t\u00e9lt izgalmas \u00e9s \u00e9rdekes programok, melyeket m\u00e9g \u00e9vek m\u00falt\u00e1n is felemleget\u00fcnk. \u00c9pp ez\u00e9rt eg\u00e9sz\u00edtett\u00fck ki sz\u00e1ll\u00e1saj\u00e1nlatainkat kedvezm\u00e9nyes ny\u00e1ri \u00e9lm\u00e9ny programokkal, melyeket mindenk\u00e9ppen ki kell pr\u00f3b\u00e1lnotok a n\u00e1lunk t\u00f6lt\u00f6tt id\u0151 alatt.\u00a0<\/p>\n<p>[\/et_pb_text][\/et_pb_column][\/et_pb_row][et_pb_row make_fullwidth=&#8221;on&#8221; _builder_version=&#8221;3.6&#8243;][et_pb_column type=&#8221;1_4&#8243; _builder_version=&#8221;3.0.47&#8243; parallax=&#8221;off&#8221; parallax_method=&#8221;on&#8221;][et_pb_image src=&#8221;https:\/\/parkkemping.hu\/wp-content\/uploads\/2019\/04\/4-2.jpg&#8221; _builder_version=&#8221;3.6&#8243; border_radii=&#8221;|300px|200px|382px|30px&#8221;][\/et_pb_image][\/et_pb_column][et_pb_column type=&#8221;1_4&#8243; _builder_version=&#8221;3.0.47&#8243; parallax=&#8221;off&#8221; parallax_method=&#8221;on&#8221;][et_pb_image src=&#8221;https:\/\/parkkemping.hu\/wp-content\/uploads\/2019\/04\/1-2.jpg&#8221; _builder_version=&#8221;3.6&#8243; border_radii=&#8221;|300px|200px|382px|30px&#8221;][\/et_pb_image][\/et_pb_column][et_pb_column type=&#8221;1_4&#8243; _builder_version=&#8221;3.0.47&#8243; parallax=&#8221;off&#8221; parallax_method=&#8221;on&#8221;][et_pb_image src=&#8221;https:\/\/parkkemping.hu\/wp-content\/uploads\/2019\/04\/3-2.jpg&#8221; _builder_version=&#8221;3.6&#8243; border_radii=&#8221;|300px|200px|382px|30px&#8221;][\/et_pb_image][\/et_pb_column][et_pb_column type=&#8221;1_4&#8243; _builder_version=&#8221;3.0.47&#8243; parallax=&#8221;off&#8221; parallax_method=&#8221;on&#8221;][et_pb_image src=&#8221;https:\/\/parkkemping.hu\/wp-content\/uploads\/2019\/04\/2-2.jpg&#8221; _builder_version=&#8221;3.6&#8243; border_radii=&#8221;|300px|200px|382px|30px&#8221;][\/et_pb_image][\/et_pb_column][\/et_pb_row][et_pb_row _builder_version=&#8221;3.6&#8243;][et_pb_column type=&#8221;4_4&#8243; _builder_version=&#8221;3.0.47&#8243; parallax=&#8221;off&#8221; parallax_method=&#8221;on&#8221;][et_pb_text _builder_version=&#8221;3.5&#8243; text_font=&#8221;||||||||&#8221; text_font_size=&#8221;18px&#8221; text_font_size_phone=&#8221;15px&#8221; text_font_size_last_edited=&#8221;on|phone&#8221; header_font=&#8221;||||||||&#8221; header_2_font=&#8221;Pacifico||||||||&#8221; header_3_font=&#8221;|600|||||||&#8221; header_4_font=&#8221;||||||||&#8221; header_4_font_size_tablet=&#8221;22px&#8221; header_4_font_size_phone=&#8221;18px&#8221; header_4_font_size_last_edited=&#8221;on|phone&#8221; text_orientation=&#8221;center&#8221;]<\/p>\n<h4>V\u00c1LTS BE AZ \u00c9JSZAK\u00c1K UT\u00c1N KAPOTT KUPONOKAT, HOGY F\u00c9L\u00c1RON PR\u00d3B\u00c1LHASD KI AZ \u00c9LM\u00c9NYPROGRAMOKAT!<\/h4>\n<p>Minn\u00e9l t\u00f6bb \u00e9jszak\u00e1t maradtok a kempingben ann\u00e1l t\u00f6bb kupont adunk. A kupon <strong>50%<\/strong> kedvezm\u00e9nyt biztos az els\u0151 0.5, illetve 1 \u00f3ra b\u00e9rl\u00e9s \u00e1r\u00e1b\u00f3l.<\/p>\n<p>Kuponjaink a vizibicikli kiv\u00e9tel\u00e9vel minden eszk\u00f6zre felhaszn\u00e1lhat\u00f3ak. \u00a0<\/p>\n<p>[\/et_pb_text][\/et_pb_column][\/et_pb_row][et_pb_row make_fullwidth=&#8221;on&#8221; use_custom_gutter=&#8221;on&#8221; _builder_version=&#8221;3.2.2&#8243;][et_pb_column type=&#8221;1_3&#8243; _builder_version=&#8221;3.0.47&#8243; parallax=&#8221;off&#8221; parallax_method=&#8221;on&#8221;][et_pb_blurb title=&#8221;6 \u00c9S A FELETTI \u00c9JSZAK\u00c1S FOGLAL\u00c1SOKRA&#8221; _builder_version=&#8221;3.6&#8243; header_font=&#8221;||||||||&#8221; background_color=&#8221;#ffffff&#8221; border_radii=&#8221;on|5px|5px|5px|5px&#8221; box_shadow_style=&#8221;preset1&#8243; text_orientation=&#8221;center&#8221; custom_margin=&#8221;|||&#8221; custom_padding=&#8221;20px|20px|20px|20px&#8221;]<\/p>\n<h4 class=\"et_pb_module_header et-fb-editable-element et-fb-editable-element__editing\" contenteditable=\"true\" data-shortcode-id=\"6.3.0.0-1531407627065\"><span style=\"color: #ff0000;\">3 DB<\/span>\u00a050%-os KUPONT ADUNK SZEM\u00c9LYENK\u00c9nT<\/h4>\n<p>[\/et_pb_blurb][\/et_pb_column][et_pb_column type=&#8221;1_3&#8243; _builder_version=&#8221;3.0.47&#8243; parallax=&#8221;off&#8221; parallax_method=&#8221;on&#8221;][et_pb_blurb title=&#8221;4 \u00e9s 5 \u00e9jszak\u00e1s FOGLAL\u00c1SOKRA&#8221; _builder_version=&#8221;3.6&#8243; header_font=&#8221;||||||||&#8221; background_color=&#8221;#ffffff&#8221; border_radii=&#8221;on|5px|5px|5px|5px&#8221; box_shadow_style=&#8221;preset1&#8243; text_orientation=&#8221;center&#8221; custom_margin=&#8221;|||&#8221; custom_padding=&#8221;20px|20px|20px|20px&#8221;]<\/p>\n<h4 class=\"et_pb_module_header et-fb-editable-element et-fb-editable-element__editing\" contenteditable=\"true\" data-shortcode-id=\"6.3.0.0-1531407627065\"><span style=\"color: #ff0000;\">3 DB<\/span>\u00a050%-os KUPONT ADUNK SZEM\u00c9LYENK\u00c9nT<\/h4>\n<p>[\/et_pb_blurb][\/et_pb_column][et_pb_column type=&#8221;1_3&#8243; _builder_version=&#8221;3.0.47&#8243; parallax=&#8221;off&#8221; parallax_method=&#8221;on&#8221;][et_pb_blurb title=&#8221;1-2-3 \u00c9JSZAK\u00c1S FOGLAL\u00c1SOKRA&#8221; _builder_version=&#8221;3.6&#8243; header_font=&#8221;||||||||&#8221; background_color=&#8221;#ffffff&#8221; border_radii=&#8221;on|5px|5px|5px|5px&#8221; box_shadow_style=&#8221;preset1&#8243; text_orientation=&#8221;center&#8221; custom_margin=&#8221;|||&#8221; custom_padding=&#8221;20px|20px|20px|20px&#8221;]<\/p>\n<h4 class=\"et_pb_module_header et-fb-editable-element et-fb-editable-element__editing\" contenteditable=\"true\" data-shortcode-id=\"6.3.0.0-1531407627065\"><span style=\"color: #ff0000;\">1 DB<\/span>\u00a050%-os KUPONT ADUNK SZEM\u00c9LYENK\u00c9nT<\/h4>\n<p>[\/et_pb_blurb][\/et_pb_column][\/et_pb_row][et_pb_row _builder_version=&#8221;3.6&#8243;][et_pb_column type=&#8221;4_4&#8243; _builder_version=&#8221;3.0.47&#8243; parallax=&#8221;off&#8221; parallax_method=&#8221;on&#8221;][et_pb_toggle title=&#8221;Program \u00e1raink&#8221; _builder_version=&#8221;3.6&#8243;]<\/p>\n<p>A kupon 50% kedvezm\u00e9nyt biztos\u00edt az els\u0151 f\u00e9l, illetve 1 \u00f3ra b\u00e9rl\u00e9s\u00e9nek \u00e1r\u00e1b\u00f3l!<\/p>\n<p>\u00a0<\/p>\n<ul>\n<li><strong>SUP<\/strong> \u2013 F\u00e9l \u00f3ra: 1500 Ft, 1 \u00f3ra: 2250 Ft, 2 \u00f3ra: 3375 Ft, 3 \u00f3ra: 4500 Ft<\/li>\n<li><strong>Vizibicikli<\/strong> \u2013 F\u00e9l \u00f3ra: 2000 Ft, 1 \u00f3ra: 3000 Ft,\u00a02 \u00f3ra: 4500 Ft, 3 \u00f3ra: 6000 Ft<\/li>\n<li><strong>1 szem\u00e9lyes kajak<\/strong> \u2013\u00a0F\u00e9l \u00f3ra: 1000 Ft, 1 \u00f3ra: 1500 Ft,\u00a02 \u00f3ra: 2250 Ft, 3 \u00f3ra: 3000 Ft<\/li>\n<li><strong>4 szem\u00e9lyes kajak (2+2)<\/strong> \u2013 F\u00e9l \u00f3ra: 1500 Ft, 1 \u00f3ra: 2250 Ft,\u00a02 \u00f3ra: 3375 Ft, 3 \u00f3ra: 4500 Ft<\/li>\n<li><strong>Kenu <\/strong>\u2013\u00a0<strong>F\u00e9l \u00f3ra:<\/strong> 1000 Ft, 1 \u00f3ra: 1500 Ft,\u00a02 \u00f3ra: 2250 Ft, 3 \u00f3ra: 3000 Ft<\/li>\n<li><strong>Kickbicke<\/strong> \u2013\u00a0F\u00e9l \u00f3ra: 700 Ft, 1 \u00f3ra: 1050 Ft,\u00a02 \u00f3ra: 1575 Ft, 3 \u00f3ra: 2100 Ft<\/li>\n<li><strong>Bicikli<\/strong> \u2013F\u00e9l \u00f3ra: 500 Ft, 1 \u00f3ra: 750 Ft,\u00a02 \u00f3ra: 1125 Ft, 3 \u00f3ra: 1500 Ft<\/li>\n<\/ul>\n<p>[\/et_pb_toggle][\/et_pb_column][\/et_pb_row][et_pb_row custom_padding=&#8221;60px|0px|27px|0px|false|false&#8221; _builder_version=&#8221;3.6&#8243;][et_pb_column type=&#8221;4_4&#8243; _builder_version=&#8221;3.0.47&#8243; parallax=&#8221;off&#8221; parallax_method=&#8221;on&#8221;][et_pb_divider divider_style=&#8221;dotted&#8221; divider_weight=&#8221;11px&#8221; _builder_version=&#8221;3.6&#8243; max_width=&#8221;24%&#8221; max_width_tablet=&#8221;23%&#8221; max_width_last_edited=&#8221;on|phone&#8221; module_alignment=&#8221;center&#8221;][\/et_pb_divider][et_pb_text module_class=&#8221;secheader&#8221; _builder_version=&#8221;3.5&#8243; text_font=&#8221;||||||||&#8221; header_font=&#8221;||||||||&#8221; header_2_font=&#8221;Pacifico||||||||&#8221; header_2_font_size=&#8221;48px&#8221; header_2_font_size_tablet=&#8221;40px&#8221; header_2_font_size_phone=&#8221;35px&#8221; header_2_font_size_last_edited=&#8221;on|phone&#8221; header_3_font=&#8221;|600|||||||&#8221; text_orientation=&#8221;center&#8221;]<\/p>\n<h2>Program B\u00e9rletek<\/h2>\n<p>[\/et_pb_text][et_pb_text _builder_version=&#8221;3.6&#8243; text_font=&#8221;||||||||&#8221; text_font_size=&#8221;18px&#8221; text_font_size_phone=&#8221;15px&#8221; text_font_size_last_edited=&#8221;on|phone&#8221; header_font=&#8221;||||||||&#8221; header_2_font=&#8221;Pacifico||||||||&#8221; header_3_font=&#8221;|600|||||||&#8221; header_4_font=&#8221;||||||||&#8221; header_4_font_size_tablet=&#8221;22px&#8221; header_4_font_size_phone=&#8221;18px&#8221; header_4_font_size_last_edited=&#8221;on|phone&#8221; text_orientation=&#8221;center&#8221;]<\/p>\n<h4>&#8211; \u00a0Haszn\u00e1lj\u00e1tok B\u00c1RMELYIK ESZK\u00d6Z\u00dcNKET SZINTE KORL\u00c1TLANUL a nyaral\u00e1sotok idej\u00e9n!* \u00a0&#8211;<\/h4>\n<p>* A b\u00e9rlet id\u0151tartama alatt egy napra az adott eszk\u00f6z haszn\u00e1lat\u00e1t az al\u00e1bbi id\u0151tartamokra korl\u00e1toztuk:<\/p>\n<p>ker\u00e9kp\u00e1r 5 \u00f3ra\/nap, kickbike 8 \u00f3ra\/nap, 4 szem\u00e9lyes kajak 2 \u00f3ra\/nap, 1 szem\u00e9lyes kajak 2 \u00f3ra\/nap, kenu 4 \u00f3ra\/nap, Sup 2 \u00f3ra\/nap<\/p>\n<p>[\/et_pb_text][\/et_pb_column][\/et_pb_row][et_pb_row make_fullwidth=&#8221;on&#8221; use_custom_gutter=&#8221;on&#8221; _builder_version=&#8221;3.2.2&#8243;][et_pb_column type=&#8221;1_3&#8243; _builder_version=&#8221;3.0.47&#8243; parallax=&#8221;off&#8221; parallax_method=&#8221;on&#8221;][et_pb_blurb title=&#8221;Napi b\u00e9rlet&#8221; _builder_version=&#8221;3.6&#8243; header_font=&#8221;||||||||&#8221; background_color=&#8221;#ffffff&#8221; border_radii=&#8221;on|5px|5px|5px|5px&#8221; box_shadow_style=&#8221;preset1&#8243; text_orientation=&#8221;center&#8221; custom_margin=&#8221;|||&#8221; custom_padding=&#8221;20px|20px|20px|20px&#8221;]<\/p>\n<p>1 f\u0151re = 3500 Ft<\/p>\n<p>2 f\u0151re = 5900 Ft<\/p>\n<p>3 f\u0151re = 7900 Ft<\/p>\n<p>4 f\u0151re = 9900 Ft<\/p>\n<p>[\/et_pb_blurb][\/et_pb_column][et_pb_column type=&#8221;1_3&#8243; _builder_version=&#8221;3.0.47&#8243; parallax=&#8221;off&#8221; parallax_method=&#8221;on&#8221;][et_pb_blurb title=&#8221;3 napos b\u00e9rlet&#8221; _builder_version=&#8221;3.6&#8243; header_font=&#8221;||||||||&#8221; background_color=&#8221;#ffffff&#8221; border_radii=&#8221;on|5px|5px|5px|5px&#8221; box_shadow_style=&#8221;preset1&#8243; text_orientation=&#8221;center&#8221; custom_margin=&#8221;|||&#8221; custom_padding=&#8221;20px|20px|20px|20px&#8221;]<\/p>\n<p>1 f\u0151re = 8900 Ft<\/p>\n<p>2 f\u0151re = 14900 Ft<\/p>\n<p>3 f\u0151re = 18900 Ft<\/p>\n<p>4 f\u0151re = 23900 Ft<\/p>\n<p>[\/et_pb_blurb][\/et_pb_column][et_pb_column type=&#8221;1_3&#8243; _builder_version=&#8221;3.0.47&#8243; parallax=&#8221;off&#8221; parallax_method=&#8221;on&#8221;][et_pb_blurb title=&#8221;5 napos b\u00e9rlet&#8221; _builder_version=&#8221;3.6&#8243; header_font=&#8221;||||||||&#8221; background_color=&#8221;#ffffff&#8221; border_radii=&#8221;on|5px|5px|5px|5px&#8221; box_shadow_style=&#8221;preset1&#8243; text_orientation=&#8221;center&#8221; custom_margin=&#8221;|||&#8221; custom_padding=&#8221;20px|20px|20px|20px&#8221;]<\/p>\n<p>1 f\u0151re = 11900 Ft<\/p>\n<p>2 f\u0151re = 19900 Ft<\/p>\n<p>3 f\u0151re = 25900 Ft<\/p>\n<p>4 f\u0151re = 31900 Ft<\/p>\n<p>[\/et_pb_blurb][\/et_pb_column][\/et_pb_row][\/et_pb_section][et_pb_section fb_built=&#8221;1&#8243; prev_background_color=&#8221;#ffffff&#8221; next_background_color=&#8221;rgba(0,0,0,0.18)&#8221; disabled_on=&#8221;on|on|off&#8221; _builder_version=&#8221;3.6&#8243; background_color=&#8221;rgba(0,0,0,0.18)&#8221; background_image=&#8221;https:\/\/parkkemping.hu\/wp-content\/uploads\/2018\/05\/strand2.jpg&#8221; background_blend=&#8221;color-burn&#8221; custom_padding=&#8221;117px|0px|117px|0px|true|false&#8221; top_divider_style=&#8221;wave&#8221; top_divider_height_tablet=&#8221;50px&#8221; top_divider_height_phone=&#8221;50px&#8221; top_divider_height_last_edited=&#8221;on|phone&#8221; bottom_divider_style=&#8221;arrow2&#8243; bottom_divider_height_tablet=&#8221;50px&#8221; bottom_divider_height_phone=&#8221;50px&#8221; bottom_divider_height_last_edited=&#8221;on|phone&#8221;][et_pb_row custom_padding_phone=&#8221;25px|0px|0px|0px|false|false&#8221; custom_padding_last_edited=&#8221;on|phone&#8221; _builder_version=&#8221;3.6&#8243; custom_margin_tablet=&#8221;||-59px|&#8221; custom_margin_phone=&#8221;||-36px|&#8221; custom_margin_last_edited=&#8221;on|tablet&#8221;][et_pb_column type=&#8221;4_4&#8243; _builder_version=&#8221;3.6&#8243; parallax=&#8221;off&#8221; parallax_method=&#8221;on&#8221;][et_pb_divider divider_style=&#8221;dotted&#8221; divider_weight=&#8221;11px&#8221; _builder_version=&#8221;3.6&#8243; max_width=&#8221;24%&#8221; max_width_tablet=&#8221;23%&#8221; max_width_last_edited=&#8221;on|phone&#8221; module_alignment=&#8221;center&#8221;][\/et_pb_divider][et_pb_text _builder_version=&#8221;3.6&#8243; text_font=&#8221;||||||||&#8221; header_font=&#8221;||||||||&#8221; header_2_font=&#8221;||||||||&#8221; header_2_font_size=&#8221;38px&#8221; header_2_font_size_tablet=&#8221;32px&#8221; header_2_font_size_phone=&#8221;30px&#8221; header_2_font_size_last_edited=&#8221;on|tablet&#8221; background_layout=&#8221;dark&#8221;]<\/p>\n<h2 style=\"text-align: center;\">Mi\u00e9rt A park strand kemping?<\/h2>\n<p>[\/et_pb_text][\/et_pb_column][\/et_pb_row][et_pb_row custom_margin=&#8221;||0px|&#8221; _builder_version=&#8221;3.6&#8243; custom_margin_tablet=&#8221;||-51px|&#8221; custom_margin_phone=&#8221;||-50px|&#8221; custom_margin_last_edited=&#8221;on|tablet&#8221;][et_pb_column type=&#8221;1_3&#8243; _builder_version=&#8221;3.6&#8243; parallax=&#8221;off&#8221; parallax_method=&#8221;on&#8221;][et_pb_blurb title=&#8221;Felejthetetlen \u00e9lm\u00e9nyek&#8221; image=&#8221;https:\/\/parkkemping.hu\/wp-content\/uploads\/2019\/04\/man-threating-.png&#8221; image_max_width=&#8221;65%&#8221; image_max_width_tablet=&#8221;55%&#8221; image_max_width_last_edited=&#8221;on|desktop&#8221; _builder_version=&#8221;3.6&#8243; header_font=&#8221;||||||||&#8221; header_font_size_phone=&#8221;24px&#8221; header_font_size_last_edited=&#8221;on|phone&#8221; background_color=&#8221;#ffffff&#8221; border_radii=&#8221;on|20px|20px|20px|20px&#8221; text_orientation=&#8221;center&#8221; custom_margin=&#8221;0px|||&#8221; custom_padding=&#8221;20px|20px|20px|20px&#8221; custom_padding_last_edited=&#8221;on|phone&#8221;]<\/p>\n<p>S\u00f6r\u00f6z\u0151s naplemente a haverokkal a t\u00f3 partj\u00e1n? Egy laza kis s\u00fct\u00f6get\u00e9s? R\u00e9gi sztorik feleleven\u00edt\u00e9se a t\u00e1bort\u0171z k\u00f6r\u00fcl? Esetleg egy nyugis kajakoz\u00e1s szel\u00edd vizeken? Mi minderre lehet\u0151s\u00e9get k\u00edn\u00e1lunk neked \u00e9s bar\u00e1taidnak. Gyertek el \u00e9s kov\u00e1csol\u00f3djatok egy csapatt\u00e1!<\/p>\n<p>[\/et_pb_blurb][\/et_pb_column][et_pb_column type=&#8221;1_3&#8243; _builder_version=&#8221;3.6&#8243; parallax=&#8221;off&#8221; parallax_method=&#8221;on&#8221;][et_pb_blurb title=&#8221;V\u00e9gtelen nyugalom&#8221; image=&#8221;https:\/\/parkkemping.hu\/wp-content\/uploads\/2019\/04\/person-lying-on-a-beach-under-an-umbrella.png&#8221; image_max_width=&#8221;65%&#8221; image_max_width_last_edited=&#8221;on|tablet&#8221; _builder_version=&#8221;3.6&#8243; header_font=&#8221;||||||||&#8221; header_font_size_phone=&#8221;24px&#8221; header_font_size_last_edited=&#8221;on|phone&#8221; background_color=&#8221;#ffffff&#8221; border_radii=&#8221;on|20px|20px|20px|20px&#8221; text_orientation=&#8221;center&#8221; custom_margin=&#8221;0px|||&#8221; custom_padding=&#8221;20px|20px|20px|20px&#8221; custom_padding_last_edited=&#8221;on|phone&#8221;]<\/p>\n<p>Sz\u00e1modra milyen egy ide\u00e1lis kemping? N\u00e1lunk nincsenek zavar\u00f3 hat\u00e1sok, nincsenek ideg\u00f6rl\u0151 rendezv\u00e9nyek, csak a nyugalom \u00e9s a term\u00e9szet \u00fcd\u00edt\u0151 k\u00f6zels\u00e9ge. Gyere \u00e9s \u00e9lvezd bar\u00e1taiddal a Velencei-t\u00f3 idilli k\u00f6rnyezet\u00e9t!<\/p>\n<p>[\/et_pb_blurb][\/et_pb_column][et_pb_column type=&#8221;1_3&#8243; _builder_version=&#8221;3.6&#8243; parallax=&#8221;off&#8221; parallax_method=&#8221;on&#8221;][et_pb_blurb title=&#8221;Kedvezm\u00e9nyes eszk\u00f6zhaszn\u00e1lat&#8221; image=&#8221;https:\/\/parkkemping.hu\/wp-content\/uploads\/2019\/04\/kayak.png&#8221; image_max_width=&#8221;65%&#8221; image_max_width_last_edited=&#8221;on|tablet&#8221; _builder_version=&#8221;3.6&#8243; header_font=&#8221;||||||||&#8221; header_font_size_phone=&#8221;24px&#8221; header_font_size_last_edited=&#8221;on|phone&#8221; background_color=&#8221;#ffffff&#8221; border_radii=&#8221;on|20px|20px|20px|20px&#8221; text_orientation=&#8221;center&#8221; custom_margin=&#8221;0px|||&#8221; custom_padding=&#8221;20px|20px|20px|20px&#8221; custom_padding_last_edited=&#8221;on|phone&#8221;]<\/p>\n<p>B\u00e9reld szabadid\u0151s eszk\u00f6zeink 50%-os kedvezm\u00e9nnyel a kapott kuponjaiddal vagy haszn\u00e1lj\u00e1tok \u0151ket szinte korl\u00e1tlanul a program b\u00e9rleteinkkel!<\/p>\n<p>[\/et_pb_blurb][\/et_pb_column][\/et_pb_row][et_pb_row _builder_version=&#8221;3.6&#8243;][et_pb_column type=&#8221;1_3&#8243; _builder_version=&#8221;3.6&#8243; parallax=&#8221;off&#8221; parallax_method=&#8221;on&#8221;][et_pb_blurb title=&#8221;Folyamatosan b\u0151v\u00fcl\u0151 szolg\u00e1ltat\u00e1sk\u00f6r&#8221; image=&#8221;https:\/\/parkkemping.hu\/wp-content\/uploads\/2019\/04\/shop.png&#8221; image_max_width=&#8221;65%&#8221; image_max_width_last_edited=&#8221;on|tablet&#8221; _builder_version=&#8221;3.6&#8243; header_font=&#8221;||||||||&#8221; header_font_size_phone=&#8221;24px&#8221; header_font_size_last_edited=&#8221;on|phone&#8221; background_color=&#8221;#ffffff&#8221; border_radii=&#8221;on|20px|20px|20px|20px&#8221; text_orientation=&#8221;center&#8221; custom_margin=&#8221;0px|||&#8221; custom_padding=&#8221;20px|20px|20px|20px&#8221; custom_padding_last_edited=&#8221;on|phone&#8221;]Haszn\u00e1ld a kemping konyh\u00e1j\u00e1t, l\u00e1togass el a nemsok\u00e1ra meg\u00e9p\u00fcl\u0151 j\u00e1t\u00e9kterm\u00fcnkbe, rakj t\u00e1bort\u00fczet a t\u0171zrak\u00f3helyeink egyik\u00e9n vagy eb\u00e9delj meg a kemping ter\u00fclet\u00e9n tal\u00e1lhat\u00f3 \u00e9ttermek egyik\u00e9ben! B\u00edzunk benne, hogy megtal\u00e1lod, amire sz\u00fcks\u00e9ged van.<br \/>\n[\/et_pb_blurb][\/et_pb_column][et_pb_column type=&#8221;1_3&#8243; _builder_version=&#8221;3.6&#8243; parallax=&#8221;off&#8221; parallax_method=&#8221;on&#8221;][et_pb_blurb title=&#8221;Sz\u00e1mtalan programlehet\u0151s\u00e9g&#8221; image=&#8221;https:\/\/parkkemping.hu\/wp-content\/uploads\/2019\/04\/hiking.png&#8221; image_max_width=&#8221;65%&#8221; image_max_width_last_edited=&#8221;on|tablet&#8221; _builder_version=&#8221;3.6&#8243; header_font=&#8221;||||||||&#8221; header_font_size_phone=&#8221;24px&#8221; header_font_size_last_edited=&#8221;on|phone&#8221; background_color=&#8221;#ffffff&#8221; border_radii=&#8221;on|20px|20px|20px|20px&#8221; text_orientation=&#8221;center&#8221; custom_margin=&#8221;0px|||&#8221; custom_padding=&#8221;20px|20px|20px|20px&#8221; custom_padding_last_edited=&#8221;on|phone&#8221;]A Velencei-t\u00f3 k\u00f6zvetlen k\u00f6rnyezete szinte v\u00e9gtelen programlehet\u0151s\u00e9get k\u00edn\u00e1l, r\u00e1ad\u00e1sul emberi t\u00e1von bel\u00fcl. Fedezd fel a helyi l\u00e1tv\u00e1nyoss\u00e1gokat (Ing\u00f3k\u0151, dinny\u00e9si mad\u00e1rrezerv\u00e1tum, sz\u0151l\u0151hegy stb.) \u00e9s \u00e9lj a szabadid\u0151s programlehet\u0151s\u00e9ginkkel (SUP, bicikli, kickbike, kajak, kenu)!<br \/>\n[\/et_pb_blurb][\/et_pb_column][et_pb_column type=&#8221;1_3&#8243; _builder_version=&#8221;3.6&#8243; parallax=&#8221;off&#8221; parallax_method=&#8221;on&#8221;][et_pb_blurb title=&#8221;Term\u00e9szetk\u00f6zeli kemping&#8221; image=&#8221;https:\/\/parkkemping.hu\/wp-content\/uploads\/2019\/04\/reed.png&#8221; image_max_width=&#8221;65%&#8221; image_max_width_last_edited=&#8221;on|tablet&#8221; _builder_version=&#8221;3.6&#8243; header_font=&#8221;||||||||&#8221; header_font_size_phone=&#8221;24px&#8221; header_font_size_last_edited=&#8221;on|phone&#8221; background_color=&#8221;#ffffff&#8221; border_radii=&#8221;on|20px|20px|20px|20px&#8221; text_orientation=&#8221;center&#8221; custom_margin=&#8221;0px|||&#8221; custom_padding=&#8221;20px|20px|20px|20px&#8221; custom_padding_last_edited=&#8221;on|phone&#8221;]<\/p>\n<p>A kemping hatalmas, 8 hekt\u00e1ros ter\u00fclete \u00e9s annak term\u00e9szetk\u00f6zels\u00e9ge garant\u00e1lja a h\u00e1bor\u00edtatlan pihen\u00e9st. Adj\u00e1tok \u00e1t magatok a term\u00e9szetnek \u00e9s \u00e9lvezz\u00e9tek a Velencei-t\u00f3 bizony\u00edtottan gy\u00f3gyhat\u00e1s\u00fa viz\u00e9t vagy fedezz\u00e9tek fel a t\u00f3, illetve a k\u00f6rnyezet\u00e9nek gazdag \u00e9l\u0151vil\u00e1g\u00e1t!<\/p>\n<p>[\/et_pb_blurb][\/et_pb_column][\/et_pb_row][\/et_pb_section][et_pb_section fb_built=&#8221;1&#8243; next_background_color=&#8221;#f2f2f2&#8243; disabled_on=&#8221;off|off|on&#8221; _builder_version=&#8221;3.6&#8243; background_color=&#8221;rgba(0,0,0,0.18)&#8221; background_image=&#8221;https:\/\/parkkemping.hu\/wp-content\/uploads\/2018\/05\/strand2.jpg&#8221; background_blend=&#8221;color-burn&#8221; custom_padding=&#8221;117px|0px|117px|0px|true|false&#8221; top_divider_style=&#8221;wave&#8221; top_divider_color=&#8221;#ffffff&#8221; top_divider_height_tablet=&#8221;50px&#8221; top_divider_height_phone=&#8221;50px&#8221; top_divider_height_last_edited=&#8221;on|phone&#8221; bottom_divider_style=&#8221;arrow2&#8243; bottom_divider_height_tablet=&#8221;50px&#8221; bottom_divider_height_phone=&#8221;50px&#8221; bottom_divider_height_last_edited=&#8221;on|phone&#8221;][et_pb_row custom_padding_phone=&#8221;25px|0px|0px|0px|false|false&#8221; custom_padding_last_edited=&#8221;on|phone&#8221; _builder_version=&#8221;3.6&#8243; custom_margin_tablet=&#8221;||-59px|&#8221; custom_margin_phone=&#8221;||-36px|&#8221; custom_margin_last_edited=&#8221;on|tablet&#8221;][et_pb_column type=&#8221;4_4&#8243; _builder_version=&#8221;3.6&#8243; parallax=&#8221;off&#8221; parallax_method=&#8221;on&#8221;][et_pb_divider divider_style=&#8221;dotted&#8221; divider_weight=&#8221;11px&#8221; _builder_version=&#8221;3.6&#8243; max_width=&#8221;24%&#8221; max_width_tablet=&#8221;23%&#8221; max_width_last_edited=&#8221;on|phone&#8221; module_alignment=&#8221;center&#8221;][\/et_pb_divider][et_pb_text _builder_version=&#8221;3.6&#8243; text_font=&#8221;||||||||&#8221; header_font=&#8221;||||||||&#8221; header_2_font=&#8221;||||||||&#8221; header_2_font_size=&#8221;38px&#8221; header_2_font_size_tablet=&#8221;32px&#8221; header_2_font_size_phone=&#8221;30px&#8221; header_2_font_size_last_edited=&#8221;on|tablet&#8221; background_layout=&#8221;dark&#8221;]<\/p>\n<h2 style=\"text-align: center;\">Mi\u00e9rt A park strand kemping?<\/h2>\n<p>[\/et_pb_text][\/et_pb_column][\/et_pb_row][et_pb_row custom_margin=&#8221;||0px|&#8221; _builder_version=&#8221;3.6&#8243; custom_margin_tablet=&#8221;||-51px|&#8221; custom_margin_phone=&#8221;||-50px|&#8221; custom_margin_last_edited=&#8221;on|tablet&#8221;][et_pb_column type=&#8221;1_3&#8243; _builder_version=&#8221;3.6&#8243; parallax=&#8221;off&#8221; parallax_method=&#8221;on&#8221;][et_pb_blurb title=&#8221;Felejthetetlen \u00e9lm\u00e9nyek&#8221; image=&#8221;https:\/\/parkkemping.hu\/wp-content\/uploads\/2019\/04\/man-threating-.png&#8221; image_max_width=&#8221;65%&#8221; image_max_width_tablet=&#8221;55%&#8221; image_max_width_last_edited=&#8221;on|desktop&#8221; _builder_version=&#8221;3.6&#8243; header_font=&#8221;||||||||&#8221; header_font_size_phone=&#8221;24px&#8221; header_font_size_last_edited=&#8221;on|phone&#8221; background_color=&#8221;#ffffff&#8221; border_radii=&#8221;on|20px|20px|20px|20px&#8221; text_orientation=&#8221;center&#8221; custom_margin=&#8221;0px|||&#8221; custom_padding=&#8221;20px|20px|20px|20px&#8221; custom_padding_last_edited=&#8221;on|phone&#8221;][\/et_pb_blurb][\/et_pb_column][et_pb_column type=&#8221;1_3&#8243; _builder_version=&#8221;3.6&#8243; parallax=&#8221;off&#8221; parallax_method=&#8221;on&#8221;][et_pb_blurb title=&#8221;V\u00e9gtelen nyugalom&#8221; image=&#8221;https:\/\/parkkemping.hu\/wp-content\/uploads\/2019\/04\/person-lying-on-a-beach-under-an-umbrella.png&#8221; image_max_width=&#8221;65%&#8221; image_max_width_last_edited=&#8221;on|tablet&#8221; _builder_version=&#8221;3.6&#8243; header_font=&#8221;||||||||&#8221; header_font_size_phone=&#8221;24px&#8221; header_font_size_last_edited=&#8221;on|phone&#8221; background_color=&#8221;#ffffff&#8221; border_radii=&#8221;on|20px|20px|20px|20px&#8221; text_orientation=&#8221;center&#8221; custom_margin=&#8221;0px|||&#8221; custom_padding=&#8221;20px|20px|20px|20px&#8221; custom_padding_last_edited=&#8221;on|phone&#8221;][\/et_pb_blurb][\/et_pb_column][et_pb_column type=&#8221;1_3&#8243; _builder_version=&#8221;3.6&#8243; parallax=&#8221;off&#8221; parallax_method=&#8221;on&#8221;][et_pb_blurb title=&#8221;Kedvezm\u00e9nyes eszk\u00f6zhaszn\u00e1lat&#8221; image=&#8221;https:\/\/parkkemping.hu\/wp-content\/uploads\/2019\/04\/kayak.png&#8221; image_max_width=&#8221;65%&#8221; image_max_width_last_edited=&#8221;on|tablet&#8221; _builder_version=&#8221;3.6&#8243; header_font=&#8221;||||||||&#8221; header_font_size_phone=&#8221;24px&#8221; header_font_size_last_edited=&#8221;on|phone&#8221; background_color=&#8221;#ffffff&#8221; border_radii=&#8221;on|20px|20px|20px|20px&#8221; text_orientation=&#8221;center&#8221; custom_margin=&#8221;0px|||&#8221; custom_padding=&#8221;20px|20px|20px|20px&#8221; custom_padding_last_edited=&#8221;on|phone&#8221;][\/et_pb_blurb][\/et_pb_column][\/et_pb_row][et_pb_row _builder_version=&#8221;3.6&#8243;][et_pb_column type=&#8221;1_3&#8243; _builder_version=&#8221;3.6&#8243; parallax=&#8221;off&#8221; parallax_method=&#8221;on&#8221;][et_pb_blurb title=&#8221;Folyamatosan b\u0151v\u00fcl\u0151 szolg\u00e1ltat\u00e1sk\u00f6r&#8221; image=&#8221;https:\/\/parkkemping.hu\/wp-content\/uploads\/2019\/04\/shop.png&#8221; image_max_width=&#8221;65%&#8221; image_max_width_last_edited=&#8221;on|tablet&#8221; _builder_version=&#8221;3.6&#8243; header_font=&#8221;||||||||&#8221; header_font_size_phone=&#8221;24px&#8221; header_font_size_last_edited=&#8221;on|phone&#8221; background_color=&#8221;#ffffff&#8221; border_radii=&#8221;on|20px|20px|20px|20px&#8221; text_orientation=&#8221;center&#8221; custom_margin=&#8221;0px|||&#8221; custom_padding=&#8221;20px|20px|20px|20px&#8221; custom_padding_last_edited=&#8221;on|phone&#8221;][\/et_pb_blurb][\/et_pb_column][et_pb_column type=&#8221;1_3&#8243; _builder_version=&#8221;3.6&#8243; parallax=&#8221;off&#8221; parallax_method=&#8221;on&#8221;][et_pb_blurb title=&#8221;Sz\u00e1mtalan programlehet\u0151s\u00e9g&#8221; image=&#8221;https:\/\/parkkemping.hu\/wp-content\/uploads\/2019\/04\/hiking.png&#8221; image_max_width=&#8221;65%&#8221; image_max_width_last_edited=&#8221;on|tablet&#8221; _builder_version=&#8221;3.6&#8243; header_font=&#8221;||||||||&#8221; header_font_size_phone=&#8221;24px&#8221; header_font_size_last_edited=&#8221;on|phone&#8221; background_color=&#8221;#ffffff&#8221; border_radii=&#8221;on|20px|20px|20px|20px&#8221; text_orientation=&#8221;center&#8221; custom_margin=&#8221;0px|||&#8221; custom_padding=&#8221;20px|20px|20px|20px&#8221; custom_padding_last_edited=&#8221;on|phone&#8221;][\/et_pb_blurb][\/et_pb_column][et_pb_column type=&#8221;1_3&#8243; _builder_version=&#8221;3.6&#8243; parallax=&#8221;off&#8221; parallax_method=&#8221;on&#8221;][et_pb_blurb title=&#8221;Term\u00e9szetk\u00f6zeli kemping&#8221; image=&#8221;https:\/\/parkkemping.hu\/wp-content\/uploads\/2019\/04\/reed.png&#8221; image_max_width=&#8221;65%&#8221; image_max_width_last_edited=&#8221;on|tablet&#8221; _builder_version=&#8221;3.6&#8243; header_font=&#8221;||||||||&#8221; header_font_size_phone=&#8221;24px&#8221; header_font_size_last_edited=&#8221;on|phone&#8221; background_color=&#8221;#ffffff&#8221; border_radii=&#8221;on|20px|20px|20px|20px&#8221; text_orientation=&#8221;center&#8221; custom_margin=&#8221;0px|||&#8221; custom_padding=&#8221;20px|20px|20px|20px&#8221; custom_padding_last_edited=&#8221;on|phone&#8221;][\/et_pb_blurb][\/et_pb_column][\/et_pb_row][\/et_pb_section][et_pb_section fb_built=&#8221;1&#8243; _builder_version=&#8221;3.6&#8243; background_color=&#8221;#f2f2f2&#8243; custom_margin=&#8221;0px||0px|&#8221; custom_padding=&#8221;0px||20px|&#8221;][et_pb_row make_fullwidth=&#8221;on&#8221; use_custom_gutter=&#8221;on&#8221; gutter_width=&#8221;1&#8243; make_equal=&#8221;on&#8221; _builder_version=&#8221;3.6&#8243;][et_pb_column type=&#8221;4_4&#8243; _builder_version=&#8221;3.0.47&#8243; parallax=&#8221;off&#8221; parallax_method=&#8221;on&#8221;][et_pb_cta title=&#8221;lak\u00f3kocsi Kemping \u00e1rak&#8221; button_url=&#8221;https:\/\/parkkemping.hu\/strand-arak\/&#8221; button_text=&#8221;Tudd meg most 2019-es \u00e1rainkat!&#8221; _builder_version=&#8221;3.6&#8243; header_font=&#8221;|700|||||||&#8221; header_text_color=&#8221;#000000&#8243; header_font_size=&#8221;40px&#8221; body_font=&#8221;||||||||&#8221; body_text_color=&#8221;#000000&#8243; body_font_size=&#8221;18px&#8221; body_font_size_phone=&#8221;15px&#8221; body_font_size_last_edited=&#8221;on|phone&#8221; use_background_color=&#8221;off&#8221; custom_button=&#8221;on&#8221; button_text_size=&#8221;25px&#8221; button_text_color=&#8221;#ffffff&#8221; button_bg_color=&#8221;#e09900&#8243; button_border_color=&#8221;rgba(0,0,0,0)&#8221; button_border_radius=&#8221;3px&#8221; button_font=&#8221;|700|||||||&#8221; button_icon=&#8221;%%117%%&#8221; box_shadow_style_button=&#8221;preset1&#8243; background_layout=&#8221;light&#8221; custom_margin=&#8221;|150px||150px||true&#8221; custom_margin_phone=&#8221;|20px||20px||true&#8221; custom_margin_last_edited=&#8221;on|phone&#8221; custom_padding=&#8221;|150px||150px||true&#8221; custom_padding_phone=&#8221;|0px||0px||true&#8221; custom_padding_last_edited=&#8221;on|phone&#8221;]<\/p>\n<p>L\u00e1togassatok meg minket id\u00e9n ny\u00e1ron \u00e9s pihenjetek a <b>meg\u00fajult Park Kemping \u00e9s Hostelben<\/b><span>\u00a0a Velencei-t\u00f3 partj\u00e1n<\/span>!<\/p>\n<p>[\/et_pb_cta][\/et_pb_column][\/et_pb_row][\/et_pb_section]<\/p>","protected":false},"excerpt":{"rendered":"<p>[et_pb_section fb_built=&#8221;1&#8243; custom_padding_last_edited=&#8221;on|phone&#8221; _builder_version=&#8221;3.6&#8243; background_color=&#8221;rgba(0,0,0,0.62)&#8221; background_image=&#8221;https:\/\/parkkemping.hu\/wp-content\/uploads\/2018\/06\/lakokocsi_agard.jpg&#8221; background_blend=&#8221;overlay&#8221; custom_margin=&#8221;|||&#8221; custom_padding=&#8221;100px||100px||true|false&#8221; custom_padding_phone=&#8221;25px||25px||true&#8221;][et_pb_row custom_padding=&#8221;0|0px|0|0px|false|false&#8221; _builder_version=&#8221;3.2.1&#8243;][et_pb_column type=&#8221;4_4&#8243; _builder_version=&#8221;3.0.47&#8243; parallax=&#8221;off&#8221; parallax_method=&#8221;on&#8221;][et_pb_text module_class=&#8221;secheader&#8221; _builder_version=&#8221;3.5&#8243; text_font=&#8221;|700|||||||&#8221; text_font_size=&#8221;24px&#8221; text_font_size_phone=&#8221;16px&#8221; text_font_size_last_edited=&#8221;on|phone&#8221; header_font=&#8221;Pacifico||||||||&#8221; header_font_size_phone=&#8221;36px&#8221; header_font_size_last_edited=&#8221;on|desktop&#8221; header_line_height=&#8221;2em&#8221; header_2_font=&#8221;||||||||&#8221; text_orientation=&#8221;center&#8221; background_layout=&#8221;dark&#8221; custom_margin=&#8221;|||&#8221;] Park Strand Kemping Term\u00e9szetk\u00f6zels\u00e9g, szabads\u00e1g, \u00e9lm\u00e9nyek \u2013 megfizethet\u0151 \u00e1ron. T\u00e9rjetek be hozz\u00e1nk a meg\u00fajult lak\u00f3kocsi bar\u00e1t Park Strand Kempingbe! [\/et_pb_text][et_pb_blurb use_icon=&#8221;on&#8221; font_icon=&#8221;%%22%%&#8221; icon_color=&#8221;#ffffff&#8221; use_icon_font_size=&#8221;on&#8221; icon_font_size=&#8221;60px&#8221; [&hellip;]<\/p>","protected":false},"author":8,"featured_media":0,"parent":0,"menu_order":0,"comment_status":"closed","ping_status":"closed","template":"page-template-blank.php","meta":{"_et_pb_use_builder":"on","_et_pb_old_content":""},"yoast_head":"<!-- This site is optimized with the Yoast SEO plugin v14.4.1 - https:\/\/yoast.com\/wordpress\/plugins\/seo\/ -->\n<title>Lak\u00f3kocsi Kemping Velencei-t\u00f3 - Park Strand Kemping<\/title>\n<meta name=\"description\" content=\"Fedezz\u00e9tek fel a Velencei-t\u00f3 eldugott zugait mobil lakoszt\u00e1lyotokkal! T\u00e9rjetek be hozz\u00e1nk a meg\u00fajult lak\u00f3kocsi bar\u00e1t Park Strand Kempingbe. Mint a vitorl\u00e1s k\u00f6z\u00f6ss\u00e9gek a sportegyes\u00fcletekben vagy a men\u0151 yacht\u2013kik\u00f6t\u0151kben: mindenki mindenkinek k\u00f6sz\u00f6n, seg\u00edt.\" \/>\n<meta name=\"robots\" content=\"index, follow\" \/>\n<meta name=\"googlebot\" content=\"index, follow, max-snippet:-1, max-image-preview:large, max-video-preview:-1\" \/>\n<meta name=\"bingbot\" content=\"index, follow, max-snippet:-1, max-image-preview:large, max-video-preview:-1\" \/>\n<link rel=\"canonical\" href=\"https:\/\/siralystrand.hu\/en\/lakokocsi-kemping\/\" \/>\n<meta property=\"og:locale\" content=\"en_GB\" \/>\n<meta property=\"og:type\" content=\"article\" \/>\n<meta property=\"og:title\" content=\"Lak\u00f3kocsi Kemping Velencei-t\u00f3 - Park Strand Kemping\" \/>\n<meta property=\"og:description\" content=\"Fedezz\u00e9tek fel a Velencei-t\u00f3 eldugott zugait mobil lakoszt\u00e1lyotokkal! T\u00e9rjetek be hozz\u00e1nk a meg\u00fajult lak\u00f3kocsi bar\u00e1t Park Strand Kempingbe. Mint a vitorl\u00e1s k\u00f6z\u00f6ss\u00e9gek a sportegyes\u00fcletekben vagy a men\u0151 yacht\u2013kik\u00f6t\u0151kben: mindenki mindenkinek k\u00f6sz\u00f6n, seg\u00edt.\" \/>\n<meta property=\"og:url\" content=\"https:\/\/siralystrand.hu\/en\/lakokocsi-kemping\/\" \/>\n<meta property=\"og:site_name\" content=\"Siralystrand\" \/>\n<meta property=\"article:publisher\" content=\"https:\/\/www.facebook.com\/siralystrand\/\" \/>\n<meta property=\"article:modified_time\" content=\"2019-05-02T10:43:34+00:00\" \/>\n<meta name=\"twitter:card\" content=\"summary_large_image\" \/>\n<script type=\"application\/ld+json\" class=\"yoast-schema-graph\">{\"@context\":\"https:\/\/schema.org\",\"@graph\":[{\"@type\":\"Organization\",\"@id\":\"https:\/\/siralystrand.hu\/en\/#organization\",\"name\":\"Sir\\u00e1ly Strand \\u00e9s Kemping\",\"url\":\"https:\/\/siralystrand.hu\/en\/\",\"sameAs\":[\"https:\/\/www.facebook.com\/siralystrand\/\"],\"logo\":{\"@type\":\"ImageObject\",\"@id\":\"https:\/\/siralystrand.hu\/en\/#logo\",\"inLanguage\":\"en-GB\",\"url\":\"https:\/\/siralystrand.hu\/wp-content\/uploads\/2020\/05\/siralystrand-logo.png\",\"width\":120,\"height\":112,\"caption\":\"Sir\\u00e1ly Strand \\u00e9s Kemping\"},\"image\":{\"@id\":\"https:\/\/siralystrand.hu\/en\/#logo\"}},{\"@type\":\"WebSite\",\"@id\":\"https:\/\/siralystrand.hu\/en\/#website\",\"url\":\"https:\/\/siralystrand.hu\/en\/\",\"name\":\"Siralystrand\",\"description\":\"Kemping | Strand\",\"publisher\":{\"@id\":\"https:\/\/siralystrand.hu\/en\/#organization\"},\"potentialAction\":[{\"@type\":\"SearchAction\",\"target\":\"https:\/\/siralystrand.hu\/en\/?s={search_term_string}\",\"query-input\":\"required name=search_term_string\"}],\"inLanguage\":\"en-GB\"},{\"@type\":\"WebPage\",\"@id\":\"https:\/\/siralystrand.hu\/lakokocsi-kemping\/#webpage\",\"url\":\"https:\/\/siralystrand.hu\/lakokocsi-kemping\/\",\"name\":\"Lak\\u00f3kocsi Kemping Velencei-t\\u00f3 - Park Strand Kemping\",\"isPartOf\":{\"@id\":\"https:\/\/siralystrand.hu\/en\/#website\"},\"datePublished\":\"2018-05-15T11:32:01+00:00\",\"dateModified\":\"2019-05-02T10:43:34+00:00\",\"description\":\"Fedezz\\u00e9tek fel a Velencei-t\\u00f3 eldugott zugait mobil lakoszt\\u00e1lyotokkal! T\\u00e9rjetek be hozz\\u00e1nk a meg\\u00fajult lak\\u00f3kocsi bar\\u00e1t Park Strand Kempingbe. Mint a vitorl\\u00e1s k\\u00f6z\\u00f6ss\\u00e9gek a sportegyes\\u00fcletekben vagy a men\\u0151 yacht\\u2013kik\\u00f6t\\u0151kben: mindenki mindenkinek k\\u00f6sz\\u00f6n, seg\\u00edt.\",\"inLanguage\":\"en-GB\",\"potentialAction\":[{\"@type\":\"ReadAction\",\"target\":[\"https:\/\/siralystrand.hu\/lakokocsi-kemping\/\"]}]}]}<\/script>\n<!-- \/ Yoast SEO plugin. -->","_links":{"self":[{"href":"https:\/\/siralystrand.hu\/en\/wp-json\/wp\/v2\/pages\/1184"}],"collection":[{"href":"https:\/\/siralystrand.hu\/en\/wp-json\/wp\/v2\/pages"}],"about":[{"href":"https:\/\/siralystrand.hu\/en\/wp-json\/wp\/v2\/types\/page"}],"author":[{"embeddable":true,"href":"https:\/\/siralystrand.hu\/en\/wp-json\/wp\/v2\/users\/8"}],"replies":[{"embeddable":true,"href":"https:\/\/siralystrand.hu\/en\/wp-json\/wp\/v2\/comments?post=1184"}],"version-history":[{"count":25,"href":"https:\/\/siralystrand.hu\/en\/wp-json\/wp\/v2\/pages\/1184\/revisions"}],"predecessor-version":[{"id":2849,"href":"https:\/\/siralystrand.hu\/en\/wp-json\/wp\/v2\/pages\/1184\/revisions\/2849"}],"wp:attachment":[{"href":"https:\/\/siralystrand.hu\/en\/wp-json\/wp\/v2\/media?parent=1184"}],"curies":[{"name":"wp","href":"https:\/\/api.w.org\/{rel}","templated":true}]}}